{"id":5146,"date":"2025-11-07T11:06:41","date_gmt":"2025-11-07T10:06:41","guid":{"rendered":"https:\/\/www.praxis-fuer-zahnerhaltung.de\/datenschutz\/"},"modified":"2025-12-18T14:09:24","modified_gmt":"2025-12-18T13:09:24","slug":"privacy","status":"publish","type":"page","link":"https:\/\/www.praxis-fuer-zahnerhaltung.de\/en\/privacy\/","title":{"rendered":"Datenschutz"},"content":{"rendered":"\n<div class=\"page-container\">\n<div class=\"content-container-parent\">\n<div class=\"content-container-links\">\n<h3 class=\"gb-text\">Datenschutz<\/h3>\n<\/div>\n\n\n\n<div class=\"content-container-rechts container-content-h4-spacing\">\n<p>Liebe Patientinnen und Patienten,<\/p>\n\n\n\n<p>wir m\u00f6chten Sie gerne \u00fcber Zweck, Art und Umfang der Verarbeitung Ihrer personenbezogenen Daten im Zusammenhang mit unseren Leistungen sowie Ihre Rechte als Betroffene informieren.<\/p>\n\n\n\n<h4 class=\"wp-block-heading\">Verantwortliche:r<\/h4>\n\n\n\n<p>Verantwortlich f\u00fcr die Verarbeitung personenbezogener Daten i.S.d. Datenschutz-Grundverordnung (DSGVO) ist:<\/p>\n\n\n\n<p>Praxis f\u00fcr Zahnerhaltung und Prophylaxe<\/p>\n\n\n\n<p>Praxis Dr. Peter He\u00df und Dr. Delia Daniello<br>Ackergasse 9<br>61440 Oberursel<br>Telefon: 06171 570 83<br>Fax: 06171 570 84<\/p>\n\n\n\n<p>E-Mail: kontakt AT praxis-fuer-zahnerhaltung DOT de<br>Internet: www.praxis-fuer-zahnerhaltung.de<\/p>\n\n\n\n<p>Wir haben einen Datenschutzbeauftragten benannt. Der Datenschutzbeauftragte kann wie folgt erreicht werden:<\/p>\n\n\n\n<p>Dr. Frank Tykwer<br>c\/o DSB f\u00fcr Notare und \u00c4rzte GmbH<br>C\u00e4cilienh\u00f6he 173<br>45657 Recklinghausen<\/p>\n\n\n\n<p>E-Mail: rechtsanwalt@dr-tykwer.de<\/p>\n\n\n\n<p>Bei Fragen zum Datenschutz k\u00f6nnen Sie sich jederzeit direkt an uns oder unseren Datenschutzbeauftragten wenden.<\/p>\n\n\n\n<h4 class=\"wp-block-heading\">Zwecke der Datenverarbeitung<\/h4>\n\n\n\n<p>Wir verarbeiten Ihre personenbezogenen Daten, um unsere Pflichten aus unserem Behandlungsvertrag (\u00a7\u00a7 630a ff. BGB) mit Ihnen erbringen und abrechnen zu k\u00f6nnen. Dies beinhaltet auch die Abwehr und Durchsetzung von Anspr\u00fcchen aus dem Behandlungsvertrag. Ferner sind wir gesetzlich verpflichtet, personenbezogene Daten zu verarbeiten; dies erfolgt z.B. um sozialrechtliche Pflichten oder Meldepflichten (z.B. nach dem Infektionsschutzgesetz oder Krebsregistergesetz) zu erf\u00fcllen.<\/p>\n\n\n\n<p>Rechtsgrundlagen unserer Datenverarbeitung sind Art. 6 Abs. 1 lit. a) und b) DSGVO sowie Art. 9 Abs. 2 lit. h) DSGVO i.V.m. \u00a7&nbsp;22 Abs. 1 Nr. 1 lit. b) BDSG.<\/p>\n\n\n\n<h4 class=\"wp-block-heading\">Datenarten<\/h4>\n\n\n\n<p>Neben den personenbezogenen Daten (wie z.B. Ihrem Namen, Anschrift etc.) verarbeiten wir auch sog. besondere Kategorien von Daten in Form von Gesundheitsdaten.<\/p>\n\n\n\n<p>Dazu z\u00e4hlen Anamnesedaten, Diagnosen, Therapievorschl\u00e4ge und Befunde, die wir oder andere \u00c4rzte\/Zahn\u00e4rzte erheben. Zu diesen Zwecken k\u00f6nnen uns auch andere \u00c4rzte\/Zahn\u00e4rzte oder Psychotherapeuten, bei denen Sie in Behandlung sind, Daten zur Verf\u00fcgung stellen (z.B. in Arztbriefen).<\/p>\n\n\n\n<p>Die Erhebung von Gesundheitsdaten ist Voraussetzung f\u00fcr Ihre Behandlung. Werden die notwendigen Informationen nicht bereitgestellt, kann eine sorgf\u00e4ltige und pflichtgem\u00e4\u00dfe Behandlung ggf. nicht erfolgen.<\/p>\n\n\n\n<h4 class=\"wp-block-heading\">Empf\u00e4nger:innen von personenbezogenen Daten<\/h4>\n\n\n\n<p>ir geben Ihre personenbezogenen Daten nur dann an Dritte oder andere Empf\u00e4nger:innen weiter, wenn dies gesetzlich erlaubt ist oder Sie eingewilligt haben.<\/p>\n\n\n\n<p>Empf\u00e4nger Ihrer personenbezogenen Daten k\u00f6nnen vor allem andere \u00c4rzte\/Zahn\u00e4rzte\/ Psychotherapeuten, Kassen\u00e4rztliche Vereinigungen, Krankenkassen, der Medizinische Dienst der Krankenversicherung, Zahn-\/\u00c4rztekammern und privat\u00e4rztliche Verrechnungsstellen sein.<\/p>\n\n\n\n<p>Die \u00dcbermittlung der von uns verarbeiteten personenbezogenen Daten erfolgt \u00fcberwiegend zum Zwecke der Abrechnung der bei Ihnen erbrachten Leistungen, zur Kl\u00e4rung von medizinischen und sich aus Ihrem Versicherungsverh\u00e4ltnis ergebenden Fragen. Im Einzelfall kann die \u00dcbermittlung von Daten an weitere berechtigte Empf\u00e4nger erfolgen.<\/p>\n\n\n\n<p>Empf\u00e4nger von Daten k\u00f6nnen auch Gesundheits\u00e4mter oder sonstige Meldestellen wie z.B. das Krebsregister sein, denen wir gegen\u00fcber meldepflichtig sind.<\/p>\n\n\n\n<p>Unsere Praxis ist zudem an die sog. Telematik-Infrastruktur (TI) angeschlossen. Diese TI dient dazu, Angeh\u00f6rige von Gesundheitsberufen zu vernetzen und medizinische Fachanwendungen zu nutzen. Technisch wird die TI von der Gesellschaft f\u00fcr Telematikanwendungen der Gesundheitskarte mbH (gematik) betrieben.<\/p>\n\n\n\n<h4 class=\"wp-block-heading\">Speicherdauer<\/h4>\n\n\n\n<p>Wir speichern Ihre personenbezogenen Daten nur solange, wie dies f\u00fcr die Durchf\u00fchrung der Behandlung erforderlich ist oder eine gesetzliche Aufbewahrungspflicht besteht.<\/p>\n\n\n\n<p>Als Arztpraxis sind wir aufgrund rechtlicher Vorgaben dazu verpflichtet, Daten \u00fcber Ihre Behandlung mindestens 10 Jahre nach Abschluss der Behandlung aufzubewahren.<\/p>\n\n\n\n<p>Eine weitere Speicherung der Behandlungsdaten kommt in Betracht, wenn dies zur Geltendmachung, Aus\u00fcbung oder Verteidigung von Rechtsanspr\u00fcchen erforderlich ist.<\/p>\n\n\n\n<p>Auch nach anderen medizinrechtlichen Vorschriften k\u00f6nnen sich l\u00e4ngere Aufbewahrungsfristen ergeben (z.B. 30 Jahre bei R\u00f6ntgenaufzeichnungen nach den Vorgaben des Strahlenschutzgesetzes).<\/p>\n\n\n\n<h4 class=\"wp-block-heading\">Online-Terminvergabe mit Dr. Flex (www.dr-flex.de)<\/h4>\n\n\n\n<p>Wir bieten Patienten die M\u00f6glichkeit, \u00fcber unsere Webseite (und \u00fcber das Portal von Dr. Flex: www.dr-flex.de) online einen Termin f\u00fcr unsere Sprechstunden zu buchen. Dazu nutzen wir den Dienst des Unternehmens Dr. Flex (Dr. Flex GmbH, Stresemannstra\u00dfe 21, 10963 Berlin). Das System stellt Ihnen freie Zeiten in unserem Terminkalender zur Verf\u00fcgung. Um den Service von Dr. Flex f\u00fcr die Terminvereinbarung nutzen zu k\u00f6nnen, ist es erforderlich, dass Sie bestimmte personenbezogene Daten eingeben und der aktuellen Datenschutzerkl\u00e4rung von Dr. Flex im Verlauf der Terminbuchung zustimmen. Ihre in das Formular eingegebenen Daten werden ausschlie\u00dflich zum Zwecke der Terminorganisation an Dr. Flex weitergeleitet und dort verarbeitet. Die Daten werden ausschlie\u00dflich zum Zweck der Terminvereinbarung sowie der \u00dcbermittlung von terminrelevanten Informationen verwendet (z.B. eine Erinnerung an den Termin etc.) und automatisch an uns \u00fcbermittelt. Insbesondere werden weder wir noch Dr.Flex Ihre Daten zu anderen Zwecken, insbesondere nicht zu Werbe- zwecken, verarbeiten oder weitergeben. Eine automatische Wiedererkennung bei einer sp\u00e4teren Benutzung ist nicht vorgesehen.<\/p>\n\n\n\n<h4 class=\"wp-block-heading\">Ihre Rechte als Betroffene<\/h4>\n\n\n\n<p>Sie haben das Recht, Auskunft \u00fcber die Sie betreffenden personenbezogenen Daten zu erhalten. Auch k\u00f6nnen Sie die Berichtigung unrichtiger Daten verlangen.<\/p>\n\n\n\n<p>Ferner steht Ihnen unter bestimmten Voraussetzungen das Recht auf L\u00f6schung von Daten, das Recht auf Einschr\u00e4nkung der Datenverarbeitung sowie das Recht auf Daten\u00fcbertragbarkeit zu.<\/p>\n\n\n\n<p>Die Verarbeitung Ihrer Daten erfolgt auf Basis von vertraglichen oder gesetzlichen Regelungen. Nur in Ausnahmef\u00e4llen ben\u00f6tigen wir Ihre Einwilligung.<\/p>\n\n\n\n<p>In diesen F\u00e4llen haben Sie das Recht, Ihre Einwilligung mit Wirkung f\u00fcr die Zukunft zu widerrufen.<\/p>\n\n\n\n<p>Sie haben ferner das Recht, sich bei einer Aufsichtsbeh\u00f6rde f\u00fcr den Datenschutz zu beschweren, wenn Sie der Ansicht sind, dass die Verarbeitung Ihrer personenbezogenen Daten nicht rechtm\u00e4\u00dfig erfolgt.<\/p>\n\n\n\n<p>Ihr Praxisteam<\/p>\n\n\n\n<h4 class=\"wp-block-heading\">Stand der Datenschutzhinweise<\/h4>\n\n\n\n<p>17.03.2022<\/p>\n<\/div>\n<\/div>\n<\/div>\n","protected":false},"excerpt":{"rendered":"<p>Datenschutz Liebe Patientinnen und Patienten, wir m\u00f6chten Sie gerne \u00fcber Zweck, Art und Umfang der Verarbeitung Ihrer personenbezogenen Daten im Zusammenhang mit unseren Leistungen sowie Ihre Rechte als Betroffene informieren. Verantwortliche:r Verantwortlich f\u00fcr die Verarbeitung personenbezogener Daten i.S.d. Datenschutz-Grundverordnung (DSGVO) ist: Praxis f\u00fcr Zahnerhaltung und Prophylaxe Praxis Dr. Peter He\u00df und Dr. Delia DanielloAckergasse 961440 &#8230; <a title=\"Datenschutz\" class=\"read-more\" href=\"https:\/\/www.praxis-fuer-zahnerhaltung.de\/en\/privacy\/\" aria-label=\"Read more about Datenschutz\">Read more<\/a><\/p>\n","protected":false},"author":1,"featured_media":0,"parent":0,"menu_order":0,"comment_status":"closed","ping_status":"closed","template":"","meta":{"footnotes":""},"class_list":["post-5146","page","type-page","status-publish"],"yoast_head":"<!-- This site is optimized with the Yoast SEO plugin v27.4 - https:\/\/yoast.com\/product\/yoast-seo-wordpress\/ -->\n<title>Datenschutz - Praxis f\u00fcr Zahnerhaltung<\/title>\n<meta name=\"robots\" content=\"index, follow, max-snippet:-1, max-image-preview:large, max-video-preview:-1\" \/>\n<link rel=\"canonical\" href=\"https:\/\/www.praxis-fuer-zahnerhaltung.de\/en\/privacy\/\" \/>\n<meta property=\"og:locale\" content=\"en_US\" \/>\n<meta property=\"og:type\" content=\"article\" \/>\n<meta property=\"og:title\" content=\"Datenschutz - Praxis f\u00fcr Zahnerhaltung\" \/>\n<meta property=\"og:description\" content=\"Datenschutz Liebe Patientinnen und Patienten, wir m\u00f6chten Sie gerne \u00fcber Zweck, Art und Umfang der Verarbeitung Ihrer personenbezogenen Daten im Zusammenhang mit unseren Leistungen sowie Ihre Rechte als Betroffene informieren. Verantwortliche:r Verantwortlich f\u00fcr die Verarbeitung personenbezogener Daten i.S.d. Datenschutz-Grundverordnung (DSGVO) ist: Praxis f\u00fcr Zahnerhaltung und Prophylaxe Praxis Dr. Peter He\u00df und Dr. Delia DanielloAckergasse 961440 ... Read more\" \/>\n<meta property=\"og:url\" content=\"https:\/\/www.praxis-fuer-zahnerhaltung.de\/en\/privacy\/\" \/>\n<meta property=\"og:site_name\" content=\"Praxis f\u00fcr Zahnerhaltung\" \/>\n<meta property=\"article:publisher\" content=\"https:\/\/www.facebook.com\/praxis.fuer.zahnerhaltung\/\" \/>\n<meta property=\"article:modified_time\" content=\"2025-12-18T13:09:24+00:00\" \/>\n<meta name=\"twitter:card\" content=\"summary_large_image\" \/>\n<meta name=\"twitter:label1\" content=\"Est. reading time\" \/>\n\t<meta name=\"twitter:data1\" content=\"4 minutes\" \/>\n<script type=\"application\/ld+json\" class=\"yoast-schema-graph\">{\"@context\":\"https:\\\/\\\/schema.org\",\"@graph\":[{\"@type\":\"WebPage\",\"@id\":\"https:\\\/\\\/www.praxis-fuer-zahnerhaltung.de\\\/en\\\/privacy\\\/\",\"url\":\"https:\\\/\\\/www.praxis-fuer-zahnerhaltung.de\\\/en\\\/privacy\\\/\",\"name\":\"Datenschutz - Praxis f\u00fcr Zahnerhaltung\",\"isPartOf\":{\"@id\":\"https:\\\/\\\/www.praxis-fuer-zahnerhaltung.de\\\/en\\\/#website\"},\"datePublished\":\"2025-11-07T10:06:41+00:00\",\"dateModified\":\"2025-12-18T13:09:24+00:00\",\"breadcrumb\":{\"@id\":\"https:\\\/\\\/www.praxis-fuer-zahnerhaltung.de\\\/en\\\/privacy\\\/#breadcrumb\"},\"inLanguage\":\"en-US\",\"potentialAction\":[{\"@type\":\"ReadAction\",\"target\":[\"https:\\\/\\\/www.praxis-fuer-zahnerhaltung.de\\\/en\\\/privacy\\\/\"]}]},{\"@type\":\"BreadcrumbList\",\"@id\":\"https:\\\/\\\/www.praxis-fuer-zahnerhaltung.de\\\/en\\\/privacy\\\/#breadcrumb\",\"itemListElement\":[{\"@type\":\"ListItem\",\"position\":1,\"name\":\"Start\",\"item\":\"https:\\\/\\\/www.praxis-fuer-zahnerhaltung.de\\\/en\\\/\"},{\"@type\":\"ListItem\",\"position\":2,\"name\":\"Datenschutz\"}]},{\"@type\":\"WebSite\",\"@id\":\"https:\\\/\\\/www.praxis-fuer-zahnerhaltung.de\\\/en\\\/#website\",\"url\":\"https:\\\/\\\/www.praxis-fuer-zahnerhaltung.de\\\/en\\\/\",\"name\":\"Praxis f\u00fcr Zahnerhaltung\",\"description\":\"\",\"publisher\":{\"@id\":\"https:\\\/\\\/www.praxis-fuer-zahnerhaltung.de\\\/en\\\/#organization\"},\"potentialAction\":[{\"@type\":\"SearchAction\",\"target\":{\"@type\":\"EntryPoint\",\"urlTemplate\":\"https:\\\/\\\/www.praxis-fuer-zahnerhaltung.de\\\/en\\\/?s={search_term_string}\"},\"query-input\":{\"@type\":\"PropertyValueSpecification\",\"valueRequired\":true,\"valueName\":\"search_term_string\"}}],\"inLanguage\":\"en-US\"},{\"@type\":\"Organization\",\"@id\":\"https:\\\/\\\/www.praxis-fuer-zahnerhaltung.de\\\/en\\\/#organization\",\"name\":\"Praxis f\u00fcr Zahnerhaltung\",\"url\":\"https:\\\/\\\/www.praxis-fuer-zahnerhaltung.de\\\/en\\\/\",\"logo\":{\"@type\":\"ImageObject\",\"inLanguage\":\"en-US\",\"@id\":\"https:\\\/\\\/www.praxis-fuer-zahnerhaltung.de\\\/en\\\/#\\\/schema\\\/logo\\\/image\\\/\",\"url\":\"https:\\\/\\\/www.praxis-fuer-zahnerhaltung.de\\\/wp-content\\\/uploads\\\/2017\\\/03\\\/new_philosophie.jpg\",\"contentUrl\":\"https:\\\/\\\/www.praxis-fuer-zahnerhaltung.de\\\/wp-content\\\/uploads\\\/2017\\\/03\\\/new_philosophie.jpg\",\"width\":2000,\"height\":739,\"caption\":\"Praxis f\u00fcr Zahnerhaltung\"},\"image\":{\"@id\":\"https:\\\/\\\/www.praxis-fuer-zahnerhaltung.de\\\/en\\\/#\\\/schema\\\/logo\\\/image\\\/\"},\"sameAs\":[\"https:\\\/\\\/www.facebook.com\\\/praxis.fuer.zahnerhaltung\\\/\",\"https:\\\/\\\/www.instagram.com\\\/praxis_fuer_zahnerhaltung\\\/\",\"https:\\\/\\\/www.linkedin.com\\\/company\\\/praxis-fr-zahnerhaltung-und-prophylaxe\\\/\"]}]}<\/script>\n<!-- \/ Yoast SEO plugin. -->","yoast_head_json":{"title":"Datenschutz - Praxis f\u00fcr Zahnerhaltung","robots":{"index":"index","follow":"follow","max-snippet":"max-snippet:-1","max-image-preview":"max-image-preview:large","max-video-preview":"max-video-preview:-1"},"canonical":"https:\/\/www.praxis-fuer-zahnerhaltung.de\/en\/privacy\/","og_locale":"en_US","og_type":"article","og_title":"Datenschutz - Praxis f\u00fcr Zahnerhaltung","og_description":"Datenschutz Liebe Patientinnen und Patienten, wir m\u00f6chten Sie gerne \u00fcber Zweck, Art und Umfang der Verarbeitung Ihrer personenbezogenen Daten im Zusammenhang mit unseren Leistungen sowie Ihre Rechte als Betroffene informieren. Verantwortliche:r Verantwortlich f\u00fcr die Verarbeitung personenbezogener Daten i.S.d. Datenschutz-Grundverordnung (DSGVO) ist: Praxis f\u00fcr Zahnerhaltung und Prophylaxe Praxis Dr. Peter He\u00df und Dr. Delia DanielloAckergasse 961440 ... Read more","og_url":"https:\/\/www.praxis-fuer-zahnerhaltung.de\/en\/privacy\/","og_site_name":"Praxis f\u00fcr Zahnerhaltung","article_publisher":"https:\/\/www.facebook.com\/praxis.fuer.zahnerhaltung\/","article_modified_time":"2025-12-18T13:09:24+00:00","twitter_card":"summary_large_image","twitter_misc":{"Est. reading time":"4 minutes"},"schema":{"@context":"https:\/\/schema.org","@graph":[{"@type":"WebPage","@id":"https:\/\/www.praxis-fuer-zahnerhaltung.de\/en\/privacy\/","url":"https:\/\/www.praxis-fuer-zahnerhaltung.de\/en\/privacy\/","name":"Datenschutz - Praxis f\u00fcr Zahnerhaltung","isPartOf":{"@id":"https:\/\/www.praxis-fuer-zahnerhaltung.de\/en\/#website"},"datePublished":"2025-11-07T10:06:41+00:00","dateModified":"2025-12-18T13:09:24+00:00","breadcrumb":{"@id":"https:\/\/www.praxis-fuer-zahnerhaltung.de\/en\/privacy\/#breadcrumb"},"inLanguage":"en-US","potentialAction":[{"@type":"ReadAction","target":["https:\/\/www.praxis-fuer-zahnerhaltung.de\/en\/privacy\/"]}]},{"@type":"BreadcrumbList","@id":"https:\/\/www.praxis-fuer-zahnerhaltung.de\/en\/privacy\/#breadcrumb","itemListElement":[{"@type":"ListItem","position":1,"name":"Start","item":"https:\/\/www.praxis-fuer-zahnerhaltung.de\/en\/"},{"@type":"ListItem","position":2,"name":"Datenschutz"}]},{"@type":"WebSite","@id":"https:\/\/www.praxis-fuer-zahnerhaltung.de\/en\/#website","url":"https:\/\/www.praxis-fuer-zahnerhaltung.de\/en\/","name":"Praxis f\u00fcr Zahnerhaltung","description":"","publisher":{"@id":"https:\/\/www.praxis-fuer-zahnerhaltung.de\/en\/#organization"},"potentialAction":[{"@type":"SearchAction","target":{"@type":"EntryPoint","urlTemplate":"https:\/\/www.praxis-fuer-zahnerhaltung.de\/en\/?s={search_term_string}"},"query-input":{"@type":"PropertyValueSpecification","valueRequired":true,"valueName":"search_term_string"}}],"inLanguage":"en-US"},{"@type":"Organization","@id":"https:\/\/www.praxis-fuer-zahnerhaltung.de\/en\/#organization","name":"Praxis f\u00fcr Zahnerhaltung","url":"https:\/\/www.praxis-fuer-zahnerhaltung.de\/en\/","logo":{"@type":"ImageObject","inLanguage":"en-US","@id":"https:\/\/www.praxis-fuer-zahnerhaltung.de\/en\/#\/schema\/logo\/image\/","url":"https:\/\/www.praxis-fuer-zahnerhaltung.de\/wp-content\/uploads\/2017\/03\/new_philosophie.jpg","contentUrl":"https:\/\/www.praxis-fuer-zahnerhaltung.de\/wp-content\/uploads\/2017\/03\/new_philosophie.jpg","width":2000,"height":739,"caption":"Praxis f\u00fcr Zahnerhaltung"},"image":{"@id":"https:\/\/www.praxis-fuer-zahnerhaltung.de\/en\/#\/schema\/logo\/image\/"},"sameAs":["https:\/\/www.facebook.com\/praxis.fuer.zahnerhaltung\/","https:\/\/www.instagram.com\/praxis_fuer_zahnerhaltung\/","https:\/\/www.linkedin.com\/company\/praxis-fr-zahnerhaltung-und-prophylaxe\/"]}]}},"_links":{"self":[{"href":"https:\/\/www.praxis-fuer-zahnerhaltung.de\/en\/wp-json\/wp\/v2\/pages\/5146","targetHints":{"allow":["GET"]}}],"collection":[{"href":"https:\/\/www.praxis-fuer-zahnerhaltung.de\/en\/wp-json\/wp\/v2\/pages"}],"about":[{"href":"https:\/\/www.praxis-fuer-zahnerhaltung.de\/en\/wp-json\/wp\/v2\/types\/page"}],"author":[{"embeddable":true,"href":"https:\/\/www.praxis-fuer-zahnerhaltung.de\/en\/wp-json\/wp\/v2\/users\/1"}],"replies":[{"embeddable":true,"href":"https:\/\/www.praxis-fuer-zahnerhaltung.de\/en\/wp-json\/wp\/v2\/comments?post=5146"}],"version-history":[{"count":1,"href":"https:\/\/www.praxis-fuer-zahnerhaltung.de\/en\/wp-json\/wp\/v2\/pages\/5146\/revisions"}],"predecessor-version":[{"id":5148,"href":"https:\/\/www.praxis-fuer-zahnerhaltung.de\/en\/wp-json\/wp\/v2\/pages\/5146\/revisions\/5148"}],"wp:attachment":[{"href":"https:\/\/www.praxis-fuer-zahnerhaltung.de\/en\/wp-json\/wp\/v2\/media?parent=5146"}],"curies":[{"name":"wp","href":"https:\/\/api.w.org\/{rel}","templated":true}]}}